{"id":1137,"date":"2022-08-10T17:42:28","date_gmt":"2022-08-10T15:42:28","guid":{"rendered":"http:\/\/kiosque.ecoledesponts.fr\/rapport-activite-2021\/?page_id=1137"},"modified":"2022-10-20T12:07:44","modified_gmt":"2022-10-20T10:07:44","slug":"economie-usages-et-societe","status":"publish","type":"page","link":"https:\/\/kiosque.ecoledesponts.fr\/rapport-activite-2021\/chercher-et-innover\/economie-usages-et-societe\/","title":{"rendered":"\u00c9conomie, usages et soci\u00e9t\u00e9"},"content":{"rendered":"<!--themify_builder_content-->\n<div id=\"themify_builder_content-1137\" data-postid=\"1137\" class=\"themify_builder_content themify_builder_content-1137 themify_builder tf_clear\">\n                    <div  data-lazy=\"1\" class=\"module_row themify_builder_row tb_4hq4383 tb_first tf_w\">\n                        <div class=\"row_inner col_align_top tb_col_count_1 tf_box tf_rel\">\n                        <div  data-lazy=\"1\" class=\"module_column tb-column col-full tb_gffp384 first\">\n                    <!-- module plain text -->\n<div  class=\"module module-plain-text tb_thi8293  wow\" data-tf-animation=\"fadeInUp\" data-lazy=\"1\">\n        <div class=\"tb_text_wrap\">\n    <div class=\"chapo\"><p>Pionni\u00e8re sur cette th\u00e9matique, l\u2019\u00c9cole des Ponts ParisTech met en \u0153uvre des programmes de recherche au carrefour de l\u2019\u00e9conomie th\u00e9orique, publique, industrielle, des march\u00e9s et de l\u2019int\u00e9gration internationale.<\/p><\/div>    <\/div>\n<\/div>\n<!-- \/module plain text -->        <\/div>\n                        <\/div>\n        <\/div>\n                        <div  data-lazy=\"1\" class=\"module_row themify_builder_row tb_a80n821 tf_w\">\n                        <div class=\"row_inner col_align_top tb_col_count_1 tf_box tf_rel\">\n                        <div  data-lazy=\"1\" class=\"module_column tb-column col-full tb_9mwu822 first\">\n                    \n\n<!-- module tile -->\n<div  id=\"tb_hp17908\" class=\"module module-tile tb_hp17908 size-square-large flip-horizontal no-flip tuile_orange titre_off tuile_25 tile-type-front-text  tf_mw tf_opacity wow\" data-tf-animation=\"fadeInLeft\" data-lazy=\"1\" data-auto-flip=\"0\" data-in-effect=\"flip-horizontal\" >\n\t\t\t<div class=\"tile-flip-box-wrap tf_abs tf_box tf_overflow tf_w tf_h\">\n\t\t\n\t\t\t\t\n\t\t\t\t\t<div class=\"tile-front tile-type-text ui tb_default_color tf_box tf_w tf_h tf_overflow tf_rel tf_scrollbar\">\n\t\t\t\t<div class=\"tile-inner tf_box\">\n\t\t\t\t\t\t\t\t\t\t\t\t\t\t\t\t\t\t<h4 class=\"tile-title\">Tile Title<\/h4>\n\t\t\t\t\t\t\n\t\t\t\t\t\t<div class=\"tile-content\">\n\t\t\t\t\t\t\t<h3>FIL CONDUCTEUR 2021<\/h3>\n<p>ADAPTATIONS SOCIO-\u00c9CONOMIQUES DES VILLES ET DES TERRITOIRES FACE AU CHANGEMENT CLIMATIQUE ET AUX DYNAMIQUES D\u00c9MOGRAPHIQUES INDUITES<\/p>\n<p>EN BREF<\/p>\n<p>PRINCIPAUX LABORATOIRES CONTRIBUTEURS EN 2021<\/p>\n<ul>\n<li>Centre international de recherche sur l\u2019environnement et le d\u00e9veloppement (CIRED) &#8211; Directeur : Franck Lecocq<\/li>\n<li>Laboratoire Techniques, territoires et soci\u00e9t\u00e9s (LATTS) &#8211; Directrice : Nathalie Roseau<\/li>\n<li>Laboratoire Paris Jourdan sciences \u00e9conomiques (PjSE) &#8211; Directeur : Jean-Marc Tallon<\/li>\n<\/ul>\n<p>FORCE DE RECHERCHE<\/p>\n<ul>\n<li>138 ETPR permanents<\/li>\n<li>235 doctorants et post-doctorants<\/li>\n<\/ul>\n<p>LabEx<\/p>\n<ul>\n<li>Futurs urbains<\/li>\n<li>Ouvrir la science \u00e9conomique (OSE)<\/li>\n<li>Sciences, innovation et techniques en soci\u00e9t\u00e9 (SITES)<\/li>\n<\/ul>\n<p>\u00c9COLES DOCTORALES<\/p>\n<ul>\n<li>Hautes \u00c9tudes en sciences sociales (ED 286, EHESS)<\/li>\n<li>Agriculture, biologie, environnement, sant\u00e9 (ED 581, Universit\u00e9 Paris-Saclay)<\/li>\n<li>Sciences de l\u2019environnement d\u2019\u00cele-de-France (ED 129, Sorbonne Universit\u00e9)<\/li>\n<li>\u00c9cole doctorale d\u2019\u00e9conomie (ED 465)<\/li>\n<li>Organisations, march\u00e9s, institutions (ED 532, Paris-Est Sup)<\/li>\n<\/ul>\n<div class=\"addtoany_shortcode\"><div class=\"a2a_kit a2a_kit_size_24 addtoany_list\" data-a2a-url=\"http:\/\/kiosque.ecoledesponts.fr\/rapport-activite-2021\/chercher-et-innover\/economie-usages-et-societe\/fil-conducteur-2021\/\" data-a2a-title=\"Fil conducteur 2021\"><a class=\"a2a_dd addtoany_share_save addtoany_share\" href=\"https:\/\/www.addtoany.com\/share\"><img decoding=\"async\" src=\"http:\/\/kiosque.ecoledesponts.fr\/wp-content\/themes\/enpc\/imgs\/share_social_icon_32.png\" alt=\"Share\"><\/a><\/div><\/div>\t\t\t\t\t\t<\/div>\n\t\t\t\t\t\n\t\t\t\t\t\t\t\t\t\t\t\t\t\t\t\t<a href=\"#\" class=\"tile-flip-back-button tf_hide\"><\/a>\n\t\t\t\t\t\t\t\t\t<\/div>\n\t\t\t<\/div><!-- .tile-front -->\n\n\t\t\t\t\t<div class=\"tile-back tile-type-text ui tb_default_color tf_box tf_w tf_h tf_overflow tf_abs tf_hidden tf_scrollbar\">\n\t\t\t\t<div class=\"tile-inner tf_box\">\n\t\t\t\t\t\t\t\t\t\t\t\n\t\t\t\t\t\t<div class=\"tile-content\">\n\t\t\t\t\t\t\t\t\t\t\t\t\t<\/div>\n\t\t\t\t\t\n\t\t\t\t\t\t\t\t\t\t\t\t\t\t\t\t<a href=\"#\" class=\"tile-flip-back-button tf_hide\"><\/a>\n\t\t\t\t\t\t\t\t\t<\/div>\n\t\t\t<\/div><!-- .tile-back -->\n\n\t\t\t<\/div>\n\n\t<\/div><!-- \/module tile -->\n\n<!-- module tile -->\n<div  id=\"tb_rmfb771\" class=\"module module-tile tb_rmfb771 size-portrait flip-horizontal no-flip tuile_image titre_off tuile_25 titre_top tile-type-front-text  tf_mw tf_opacity wow\" data-tf-animation=\"fadeInDown\" data-lazy=\"1\" data-auto-flip=\"0\" data-in-effect=\"flip-horizontal\" >\n\t\t\t<div class=\"tile-flip-box-wrap tf_abs tf_box tf_overflow tf_w tf_h\">\n\t\t\n\t\t\t\t\t<style>\n\t\t\t\t.module.tb_rmfb771 .tile-front{background-image:url(\"http:\/\/kiosque.ecoledesponts.fr\/rapport-activite-2021\/wp-content\/uploads\/sites\/3\/2022\/08\/bg_economie.jpg\")}\t\t\t<\/style>\n\t\t\t\t\n\t\t\t\t\t<div class=\"tile-front tile-type-text ui tb_default_color tf_box tf_w tf_h tf_overflow tf_rel tf_scrollbar\">\n\t\t\t\t<div class=\"tile-inner tf_box\">\n\t\t\t\t\t\t\t\t\t\t\t\t\t\t\t\t\t\t<h4 class=\"tile-title\">Economie<\/h4>\n\t\t\t\t\t\t\n\t\t\t\t\t\t<div class=\"tile-content\">\n\t\t\t\t\t\t\t\t\t\t\t\t\t<\/div>\n\t\t\t\t\t\n\t\t\t\t\t\t\t\t\t\t\t\t\t\t\t\t<a href=\"#\" class=\"tile-flip-back-button tf_hide\"><\/a>\n\t\t\t\t\t\t\t\t\t<\/div>\n\t\t\t<\/div><!-- .tile-front -->\n\n\t\t\t\t\t<div class=\"tile-back tile-type-text ui tb_default_color tf_box tf_w tf_h tf_overflow tf_abs tf_hidden tf_scrollbar\">\n\t\t\t\t<div class=\"tile-inner tf_box\">\n\t\t\t\t\t\t\t\t\t\t\t\n\t\t\t\t\t\t<div class=\"tile-content\">\n\t\t\t\t\t\t\t\t\t\t\t\t\t<\/div>\n\t\t\t\t\t\n\t\t\t\t\t\t\t\t\t\t\t\t\t\t\t\t<a href=\"#\" class=\"tile-flip-back-button tf_hide\"><\/a>\n\t\t\t\t\t\t\t\t\t<\/div>\n\t\t\t<\/div><!-- .tile-back -->\n\n\t\t\t<\/div>\n\n\t<\/div><!-- \/module tile -->\n\n<!-- module tile -->\n<div  id=\"tb_l3xg722\" class=\"module module-tile tb_l3xg722 size-landscape flip-horizontal has-flip bloc_btn tuile_vert titre_off tuile_25 tile-type-front-text  tf_mw tf_opacity wow\" data-tf-animation=\"fadeInRight\" data-lazy=\"1\" data-auto-flip=\"0\" data-in-effect=\"flip-horizontal\" >\n\t\t\t<div class=\"tile-flip-box-wrap tf_abs tf_box tf_overflow tf_w tf_h\">\n\t\t\n\t\t\t\t\n\t\t\t\t\t<div class=\"tile-front tile-type-text ui tb_default_color tf_box tf_w tf_h tf_overflow tf_rel tf_scrollbar\">\n\t\t\t\t<div class=\"tile-inner tf_box\">\n\t\t\t\t\t\t\t\t\t\t\t\t\t\t\t\t\t\t<h4 class=\"tile-title\">Parole de chercheuse Nathalie Roseau<\/h4>\n\t\t\t\t\t\t\n\t\t\t\t\t\t<div class=\"tile-content\">\n\t\t\t\t\t\t\t<div class=\"tuile_parole\">\n<h3>Parole de chercheuse<br>Nathalie Roseau<\/h3>\n<p><img decoding=\"async\" loading=\"lazy\" class=\"wp-image-2087 size-thumbnail alignleft\" src=\"http:\/\/kiosque.ecoledesponts.fr\/rapport-activite-2021\/wp-content\/uploads\/sites\/3\/2022\/08\/N.ROSEAU-150x150.jpg\" alt=\"N.ROSEAU\" width=\"150\" height=\"150\"><\/p>\n<h5><strong><em>Ville-territoire et\u00a0anthropoc\u00e8ne<\/em><\/strong><\/h5>\n<p>Depuis 250 ans, la forme et l\u2019usage des villes ont \u00e9t\u00e9 influenc\u00e9s par la marche en avant des techniques et par une s\u00e9rie d\u2019objets qui ont eu un impact \u00e0 la fois pratique et symbolique, du chemin de fer \u00e0 l\u2019avion, du t\u00e9l\u00e9graphe \u00e0 l\u2019internet.<\/p>\n<\/div>\t\t\t\t\t\t<\/div>\n\t\t\t\t\t\n\t\t\t\t\t\t\t\t\t\t\t<a href=\"\/rapport-activite-2021\/chercher-et-innover\/economie-usages-et-societe\/parole-de-chercheuse-nathalie-roseau\/\" class=\"action-button\"><span><\/span><\/a>\n\t\t\t\t\t\t\t\t\t\t\t\t\t\t\t\t<a href=\"#\" class=\"tile-flip-back-button tf_hide\"><\/a>\n\t\t\t\t\t\t\t\t\t<\/div>\n\t\t\t<\/div><!-- .tile-front -->\n\n\t\t\t\t\t<div class=\"tile-back tile-type-text ui tb_default_color tf_box tf_w tf_h tf_overflow tf_abs tf_hidden tf_scrollbar\">\n\t\t\t\t<div class=\"tile-inner tf_box\">\n\t\t\t\t\t\t\t\t\t\t\t\t\t\t\t\t\t\t<h4 class=\"tile-title\">3 questions \u00e0 C\u00f4me Ch\u00e9ritel<\/h4>\n\t\t\t\t\t\t\n\t\t\t\t\t\t<div class=\"tile-content\">\n\t\t\t\t\t\t\t<div class=\"tuile_parole\">\n<h3>Parole de chercheuse<br>Nathalie Roseau<\/h3>\n<p><img decoding=\"async\" loading=\"lazy\" class=\"wp-image-2087 size-thumbnail alignleft\" src=\"http:\/\/kiosque.ecoledesponts.fr\/rapport-activite-2021\/wp-content\/uploads\/sites\/3\/2022\/08\/N.ROSEAU-150x150.jpg\" alt=\"N.ROSEAU\" width=\"150\" height=\"150\"><\/p>\n<h5><strong><em>Ville-territoire et\u00a0anthropoc\u00e8ne<\/em><\/strong><\/h5>\n<p>Depuis 250 ans, la forme et l\u2019usage des villes ont \u00e9t\u00e9 influenc\u00e9s par la marche en avant des techniques et par une s\u00e9rie d\u2019objets qui ont eu un impact \u00e0 la fois pratique et symbolique, du chemin de fer \u00e0 l\u2019avion, du t\u00e9l\u00e9graphe \u00e0 l\u2019internet.<\/p>\n<\/div>\t\t\t\t\t\t<\/div>\n\t\t\t\t\t\n\t\t\t\t\t\t\t\t\t\t\t<a href=\"\/rapport-activite-2021\/chercher-et-innover\/economie-usages-et-societe\/parole-de-chercheuse-nathalie-roseau\/\" class=\"action-button\"><span><\/span><\/a>\n\t\t\t\t\t\t\t\t\t\t\t\t\t\t\t\t<a href=\"#\" class=\"tile-flip-back-button tf_hide\"><\/a>\n\t\t\t\t\t\t\t\t\t<\/div>\n\t\t\t<\/div><!-- .tile-back -->\n\n\t\t\t<\/div>\n\n\t<\/div><!-- \/module tile -->\n\n<!-- module tile -->\n<div  id=\"tb_99uz225\" class=\"module module-tile tb_99uz225 size-landscape flip-horizontal has-flip bloc_btn tuile_violet titre_off tuile_25 tile-type-front-text  tf_mw tf_opacity wow\" data-tf-animation=\"fadeInDown\" data-lazy=\"1\" data-auto-flip=\"0\" data-in-effect=\"flip-horizontal\" >\n\t\t\t<div class=\"tile-flip-box-wrap tf_abs tf_box tf_overflow tf_w tf_h\">\n\t\t\n\t\t\t\t\n\t\t\t\t\t<div class=\"tile-front tile-type-text ui tb_default_color tf_box tf_w tf_h tf_overflow tf_rel tf_scrollbar\">\n\t\t\t\t<div class=\"tile-inner tf_box\">\n\t\t\t\t\t\t\t\t\t\t\t\t\t\t\t\t\t\t<h4 class=\"tile-title\">3 questions \u00e0 C\u00f4me Ch\u00e9ritel<\/h4>\n\t\t\t\t\t\t\n\t\t\t\t\t\t<div class=\"tile-content\">\n\t\t\t\t\t\t\t<div class=\"tuile_blockquote\">\n<h3>3 questions \u00e0 C\u00f4me Ch\u00e9ritel<\/h3>\n<p><img decoding=\"async\" loading=\"lazy\" class=\"wp-image-2085 size-thumbnail alignleft\" src=\"http:\/\/kiosque.ecoledesponts.fr\/rapport-activite-2021\/wp-content\/uploads\/sites\/3\/2022\/08\/Come-Cheritel-IMG_2714_1-150x150.jpg\" alt=\"Come Cheritel\" width=\"150\" height=\"150\"><\/p>\n<h5><strong><em>Liens entre dynamique de la population et r\u00e9chauffement climatique<\/em><\/strong><\/h5>\n<\/div>\n\t\t\t\t\t\t<\/div>\n\t\t\t\t\t\n\t\t\t\t\t\t\t\t\t\t\t<a href=\"\/rapport-activite-2021\/chercher-et-innover\/economie-usages-et-societe\/3-questions-a-come-cheritel\/\" class=\"action-button\"><span><\/span><\/a>\n\t\t\t\t\t\t\t\t\t\t\t\t\t\t\t\t<a href=\"#\" class=\"tile-flip-back-button tf_hide\"><\/a>\n\t\t\t\t\t\t\t\t\t<\/div>\n\t\t\t<\/div><!-- .tile-front -->\n\n\t\t\t\t\t<div class=\"tile-back tile-type-text ui tb_default_color tf_box tf_w tf_h tf_overflow tf_abs tf_hidden tf_scrollbar\">\n\t\t\t\t<div class=\"tile-inner tf_box\">\n\t\t\t\t\t\t\t\t\t\t\t\t\t\t\t\t\t\t<h4 class=\"tile-title\">3 questions \u00e0 C\u00f4me Ch\u00e9ritel<\/h4>\n\t\t\t\t\t\t\n\t\t\t\t\t\t<div class=\"tile-content\">\n\t\t\t\t\t\t\t<div class=\"tuile_blockquote\">\n<h3>3 questions \u00e0 C\u00f4me Ch\u00e9ritel<\/h3>\n<p><img decoding=\"async\" loading=\"lazy\" class=\"wp-image-2085 size-thumbnail alignleft\" src=\"http:\/\/kiosque.ecoledesponts.fr\/rapport-activite-2021\/wp-content\/uploads\/sites\/3\/2022\/08\/Come-Cheritel-IMG_2714_1-150x150.jpg\" alt=\"Come Cheritel\" width=\"150\" height=\"150\"><\/p>\n<h5><strong><em>Liens entre dynamique de la population et r\u00e9chauffement climatique<\/em><\/strong><\/h5>\n<\/div>\n\t\t\t\t\t\t<\/div>\n\t\t\t\t\t\n\t\t\t\t\t\t\t\t\t\t\t<a href=\"\/rapport-activite-2021\/chercher-et-innover\/economie-usages-et-societe\/3-questions-a-come-cheritel\/\" class=\"action-button\"><span><\/span><\/a>\n\t\t\t\t\t\t\t\t\t\t\t\t\t\t\t\t<a href=\"#\" class=\"tile-flip-back-button tf_hide\"><\/a>\n\t\t\t\t\t\t\t\t\t<\/div>\n\t\t\t<\/div><!-- .tile-back -->\n\n\t\t\t<\/div>\n\n\t<\/div><!-- \/module tile -->\n\n<!-- module tile -->\n<div  id=\"tb_e8tg88\" class=\"module module-tile tb_e8tg88 size-square-small flip-horizontal has-flip bloc_btn tuile_bleu_ciel titre_off tuile_25 tile-type-front-text  tf_mw tf_opacity wow\" data-tf-animation=\"fadeInRight\" data-lazy=\"1\" data-auto-flip=\"0\" data-in-effect=\"flip-horizontal\" >\n\t\t\t<div class=\"tile-flip-box-wrap tf_abs tf_box tf_overflow tf_w tf_h\">\n\t\t\n\t\t\t\t\n\t\t\t\t\t<div class=\"tile-front tile-type-text ui tb_default_color tf_box tf_w tf_h tf_overflow tf_rel tf_scrollbar\">\n\t\t\t\t<div class=\"tile-inner tf_box\">\n\t\t\t\t\t\t\t\t\t\t\t\t\t\t\t\t\t\t<h4 class=\"tile-title\">Projet phare : Observation de la Convention citoyenne pour le climat<\/h4>\n\t\t\t\t\t\t\n\t\t\t\t\t\t<div class=\"tile-content\">\n\t\t\t\t\t\t\t<div class=\"tuile_phare\">\n<h3>Projet phare : Observation de la Convention citoyenne pour le climat<\/h3>\n<\/div>\t\t\t\t\t\t<\/div>\n\t\t\t\t\t\n\t\t\t\t\t\t\t\t\t\t\t<a href=\"\/rapport-activite-2021\/chercher-et-innover\/economie-usages-et-societe\/projet-phare\/\" class=\"action-button\"><span><\/span><\/a>\n\t\t\t\t\t\t\t\t\t\t\t\t\t\t\t\t<a href=\"#\" class=\"tile-flip-back-button tf_hide\"><\/a>\n\t\t\t\t\t\t\t\t\t<\/div>\n\t\t\t<\/div><!-- .tile-front -->\n\n\t\t\t\t\t<div class=\"tile-back tile-type-text ui tb_default_color tf_box tf_w tf_h tf_overflow tf_abs tf_hidden tf_scrollbar\">\n\t\t\t\t<div class=\"tile-inner tf_box\">\n\t\t\t\t\t\t\t\t\t\t\t\t\t\t\t\t\t\t<h4 class=\"tile-title\">Projet phare : Observation de la Convention citoyenne pour le climat<\/h4>\n\t\t\t\t\t\t\n\t\t\t\t\t\t<div class=\"tile-content\">\n\t\t\t\t\t\t\t<div class=\"tuile_phare\">\n<h3>Projet phare : Observation de la Convention citoyenne pour le climat<\/h3>\n<\/div>\t\t\t\t\t\t<\/div>\n\t\t\t\t\t\n\t\t\t\t\t\t\t\t\t\t\t<a href=\"\/rapport-activite-2021\/chercher-et-innover\/economie-usages-et-societe\/projet-phare\/\" class=\"action-button\"><span><\/span><\/a>\n\t\t\t\t\t\t\t\t\t\t\t\t\t\t\t\t<a href=\"#\" class=\"tile-flip-back-button tf_hide\"><\/a>\n\t\t\t\t\t\t\t\t\t<\/div>\n\t\t\t<\/div><!-- .tile-back -->\n\n\t\t\t<\/div>\n\n\t<\/div><!-- \/module tile -->\n\n<!-- module tile -->\n<div  id=\"tb_pc1h558\" class=\"module module-tile tb_pc1h558 size-square-small flip-horizontal has-flip bloc_btn tuile_bleu titre_off tuile_25 tile-type-front-text  tf_mw tf_opacity wow\" data-tf-animation=\"fadeInUp\" data-lazy=\"1\" data-auto-flip=\"0\" data-in-effect=\"flip-horizontal\" >\n\t\t\t<div class=\"tile-flip-box-wrap tf_abs tf_box tf_overflow tf_w tf_h\">\n\t\t\n\t\t\t\t\n\t\t\t\t\t<div class=\"tile-front tile-type-text ui tb_default_color tf_box tf_w tf_h tf_overflow tf_rel tf_scrollbar\">\n\t\t\t\t<div class=\"tile-inner tf_box\">\n\t\t\t\t\t\t\t\t\t\t\t\t\t\t\t\t\t\t<h4 class=\"tile-title\">Faits marquants<\/h4>\n\t\t\t\t\t\t\n\t\t\t\t\t\t<div class=\"tile-content\">\n\t\t\t\t\t\t\t<h3>Faits marquants<\/h3>\t\t\t\t\t\t<\/div>\n\t\t\t\t\t\n\t\t\t\t\t\t\t\t\t\t\t<a href=\"\/rapport-activite-2021\/chercher-et-innover\/economie-usages-et-societe\/faits-marquants\/\" class=\"action-button\"><span><\/span><\/a>\n\t\t\t\t\t\t\t\t\t\t\t\t\t\t\t\t<a href=\"#\" class=\"tile-flip-back-button tf_hide\"><\/a>\n\t\t\t\t\t\t\t\t\t<\/div>\n\t\t\t<\/div><!-- .tile-front -->\n\n\t\t\t\t\t<div class=\"tile-back tile-type-text ui tb_default_color tf_box tf_w tf_h tf_overflow tf_abs tf_hidden tf_scrollbar\">\n\t\t\t\t<div class=\"tile-inner tf_box\">\n\t\t\t\t\t\t\t\t\t\t\t\t\t\t\t\t\t\t<h4 class=\"tile-title\">Faits marquants<\/h4>\n\t\t\t\t\t\t\n\t\t\t\t\t\t<div class=\"tile-content\">\n\t\t\t\t\t\t\t<h3>Faits marquants<\/h3>\t\t\t\t\t\t<\/div>\n\t\t\t\t\t\n\t\t\t\t\t\t\t\t\t\t\t<a href=\"\/rapport-activite-2021\/chercher-et-innover\/economie-usages-et-societe\/faits-marquants\/\" class=\"action-button\"><span><\/span><\/a>\n\t\t\t\t\t\t\t\t\t\t\t\t\t\t\t\t<a href=\"#\" class=\"tile-flip-back-button tf_hide\"><\/a>\n\t\t\t\t\t\t\t\t\t<\/div>\n\t\t\t<\/div><!-- .tile-back -->\n\n\t\t\t<\/div>\n\n\t<\/div><!-- \/module tile -->        <\/div>\n                        <\/div>\n        <\/div>\n        <\/div>\n<!--\/themify_builder_content-->","protected":false},"excerpt":{"rendered":"<p>Pionni\u00e8re sur cette th\u00e9matique, l\u2019\u00c9cole des Ponts ParisTech met en \u0153uvre des programmes de recherche au carrefour de l\u2019\u00e9conomie th\u00e9orique, publique, industrielle, des march\u00e9s et de l\u2019int\u00e9gration internationale. Tile Title FIL CONDUCTEUR 2021 ADAPTATIONS SOCIO-\u00c9CONOMIQUES DES VILLES ET DES TERRITOIRES FACE AU CHANGEMENT CLIMATIQUE ET AUX DYNAMIQUES D\u00c9MOGRAPHIQUES INDUITES EN BREF PRINCIPAUX LABORATOIRES CONTRIBUTEURS EN [&hellip;]<\/p>\n","protected":false},"author":1,"featured_media":0,"parent":59,"menu_order":0,"comment_status":"closed","ping_status":"closed","template":"","meta":[],"tags":[],"acf":[],"yoast_head":"<!-- This site is optimized with the Yoast SEO plugin v21.1 - https:\/\/yoast.com\/wordpress\/plugins\/seo\/ -->\n<title>\u00c9conomie, usages et soci\u00e9t\u00e9 - Rapport d&#039;activit\u00e9 2021<\/title>\n<meta name=\"robots\" content=\"index, follow, max-snippet:-1, max-image-preview:large, max-video-preview:-1\" \/>\n<link rel=\"canonical\" href=\"https:\/\/kiosque.ecoledesponts.fr\/rapport-activite-2021\/chercher-et-innover\/economie-usages-et-societe\/\" \/>\n<meta property=\"og:locale\" content=\"fr_FR\" \/>\n<meta property=\"og:type\" content=\"article\" \/>\n<meta property=\"og:title\" content=\"\u00c9conomie, usages et soci\u00e9t\u00e9 - Rapport d&#039;activit\u00e9 2021\" \/>\n<meta property=\"og:description\" content=\"Pionni\u00e8re sur cette th\u00e9matique, l\u2019\u00c9cole des Ponts ParisTech met en \u0153uvre des programmes de recherche au carrefour de l\u2019\u00e9conomie th\u00e9orique, publique, industrielle, des march\u00e9s et de l\u2019int\u00e9gration internationale. Tile Title FIL CONDUCTEUR 2021 ADAPTATIONS SOCIO-\u00c9CONOMIQUES DES VILLES ET DES TERRITOIRES FACE AU CHANGEMENT CLIMATIQUE ET AUX DYNAMIQUES D\u00c9MOGRAPHIQUES INDUITES EN BREF PRINCIPAUX LABORATOIRES CONTRIBUTEURS EN [&hellip;]\" \/>\n<meta property=\"og:url\" content=\"https:\/\/kiosque.ecoledesponts.fr\/rapport-activite-2021\/chercher-et-innover\/economie-usages-et-societe\/\" \/>\n<meta property=\"og:site_name\" content=\"Rapport d&#039;activit\u00e9 2021\" \/>\n<meta property=\"article:modified_time\" content=\"2022-10-20T10:07:44+00:00\" \/>\n<meta property=\"og:image\" content=\"http:\/\/kiosque.ecoledesponts.fr\/rapport-activite-2021\/wp-content\/uploads\/sites\/3\/2022\/08\/N.ROSEAU-150x150.jpg\" \/>\n<meta name=\"twitter:card\" content=\"summary_large_image\" \/>\n<meta name=\"twitter:label1\" content=\"Dur\u00e9e de lecture estim\u00e9e\" \/>\n\t<meta name=\"twitter:data1\" content=\"2 minutes\" \/>\n<script type=\"application\/ld+json\" class=\"yoast-schema-graph\">{\"@context\":\"https:\/\/schema.org\",\"@graph\":[{\"@type\":\"WebPage\",\"@id\":\"https:\/\/kiosque.ecoledesponts.fr\/rapport-activite-2021\/chercher-et-innover\/economie-usages-et-societe\/\",\"url\":\"https:\/\/kiosque.ecoledesponts.fr\/rapport-activite-2021\/chercher-et-innover\/economie-usages-et-societe\/\",\"name\":\"\u00c9conomie, usages et soci\u00e9t\u00e9 - Rapport d'activit\u00e9 2021\",\"isPartOf\":{\"@id\":\"https:\/\/kiosque.ecoledesponts.fr\/rapport-activite-2021\/#website\"},\"datePublished\":\"2022-08-10T15:42:28+00:00\",\"dateModified\":\"2022-10-20T10:07:44+00:00\",\"breadcrumb\":{\"@id\":\"https:\/\/kiosque.ecoledesponts.fr\/rapport-activite-2021\/chercher-et-innover\/economie-usages-et-societe\/#breadcrumb\"},\"inLanguage\":\"fr-FR\",\"potentialAction\":[{\"@type\":\"ReadAction\",\"target\":[\"https:\/\/kiosque.ecoledesponts.fr\/rapport-activite-2021\/chercher-et-innover\/economie-usages-et-societe\/\"]}]},{\"@type\":\"BreadcrumbList\",\"@id\":\"https:\/\/kiosque.ecoledesponts.fr\/rapport-activite-2021\/chercher-et-innover\/economie-usages-et-societe\/#breadcrumb\",\"itemListElement\":[{\"@type\":\"ListItem\",\"position\":1,\"name\":\"Accueil\",\"item\":\"https:\/\/kiosque.ecoledesponts.fr\/rapport-activite-2021\/\"},{\"@type\":\"ListItem\",\"position\":2,\"name\":\"Chercher et innover\",\"item\":\"https:\/\/kiosque.ecoledesponts.fr\/rapport-activite-2021\/chercher-et-innover\/\"},{\"@type\":\"ListItem\",\"position\":3,\"name\":\"\u00c9conomie, usages et soci\u00e9t\u00e9\"}]},{\"@type\":\"WebSite\",\"@id\":\"https:\/\/kiosque.ecoledesponts.fr\/rapport-activite-2021\/#website\",\"url\":\"https:\/\/kiosque.ecoledesponts.fr\/rapport-activite-2021\/\",\"name\":\"Rapport d'activit\u00e9 2021\",\"description\":\"Un site utilisant Les sites du kiosque des ponts\",\"potentialAction\":[{\"@type\":\"SearchAction\",\"target\":{\"@type\":\"EntryPoint\",\"urlTemplate\":\"https:\/\/kiosque.ecoledesponts.fr\/rapport-activite-2021\/?s={search_term_string}\"},\"query-input\":\"required name=search_term_string\"}],\"inLanguage\":\"fr-FR\"}]}<\/script>\n<!-- \/ Yoast SEO plugin. -->","yoast_head_json":{"title":"\u00c9conomie, usages et soci\u00e9t\u00e9 - Rapport d'activit\u00e9 2021","robots":{"index":"index","follow":"follow","max-snippet":"max-snippet:-1","max-image-preview":"max-image-preview:large","max-video-preview":"max-video-preview:-1"},"canonical":"https:\/\/kiosque.ecoledesponts.fr\/rapport-activite-2021\/chercher-et-innover\/economie-usages-et-societe\/","og_locale":"fr_FR","og_type":"article","og_title":"\u00c9conomie, usages et soci\u00e9t\u00e9 - Rapport d'activit\u00e9 2021","og_description":"Pionni\u00e8re sur cette th\u00e9matique, l\u2019\u00c9cole des Ponts ParisTech met en \u0153uvre des programmes de recherche au carrefour de l\u2019\u00e9conomie th\u00e9orique, publique, industrielle, des march\u00e9s et de l\u2019int\u00e9gration internationale. Tile Title FIL CONDUCTEUR 2021 ADAPTATIONS SOCIO-\u00c9CONOMIQUES DES VILLES ET DES TERRITOIRES FACE AU CHANGEMENT CLIMATIQUE ET AUX DYNAMIQUES D\u00c9MOGRAPHIQUES INDUITES EN BREF PRINCIPAUX LABORATOIRES CONTRIBUTEURS EN [&hellip;]","og_url":"https:\/\/kiosque.ecoledesponts.fr\/rapport-activite-2021\/chercher-et-innover\/economie-usages-et-societe\/","og_site_name":"Rapport d'activit\u00e9 2021","article_modified_time":"2022-10-20T10:07:44+00:00","og_image":[{"url":"http:\/\/kiosque.ecoledesponts.fr\/rapport-activite-2021\/wp-content\/uploads\/sites\/3\/2022\/08\/N.ROSEAU-150x150.jpg"}],"twitter_card":"summary_large_image","twitter_misc":{"Dur\u00e9e de lecture estim\u00e9e":"2 minutes"},"schema":{"@context":"https:\/\/schema.org","@graph":[{"@type":"WebPage","@id":"https:\/\/kiosque.ecoledesponts.fr\/rapport-activite-2021\/chercher-et-innover\/economie-usages-et-societe\/","url":"https:\/\/kiosque.ecoledesponts.fr\/rapport-activite-2021\/chercher-et-innover\/economie-usages-et-societe\/","name":"\u00c9conomie, usages et soci\u00e9t\u00e9 - Rapport d'activit\u00e9 2021","isPartOf":{"@id":"https:\/\/kiosque.ecoledesponts.fr\/rapport-activite-2021\/#website"},"datePublished":"2022-08-10T15:42:28+00:00","dateModified":"2022-10-20T10:07:44+00:00","breadcrumb":{"@id":"https:\/\/kiosque.ecoledesponts.fr\/rapport-activite-2021\/chercher-et-innover\/economie-usages-et-societe\/#breadcrumb"},"inLanguage":"fr-FR","potentialAction":[{"@type":"ReadAction","target":["https:\/\/kiosque.ecoledesponts.fr\/rapport-activite-2021\/chercher-et-innover\/economie-usages-et-societe\/"]}]},{"@type":"BreadcrumbList","@id":"https:\/\/kiosque.ecoledesponts.fr\/rapport-activite-2021\/chercher-et-innover\/economie-usages-et-societe\/#breadcrumb","itemListElement":[{"@type":"ListItem","position":1,"name":"Accueil","item":"https:\/\/kiosque.ecoledesponts.fr\/rapport-activite-2021\/"},{"@type":"ListItem","position":2,"name":"Chercher et innover","item":"https:\/\/kiosque.ecoledesponts.fr\/rapport-activite-2021\/chercher-et-innover\/"},{"@type":"ListItem","position":3,"name":"\u00c9conomie, usages et soci\u00e9t\u00e9"}]},{"@type":"WebSite","@id":"https:\/\/kiosque.ecoledesponts.fr\/rapport-activite-2021\/#website","url":"https:\/\/kiosque.ecoledesponts.fr\/rapport-activite-2021\/","name":"Rapport d'activit\u00e9 2021","description":"Un site utilisant Les sites du kiosque des ponts","potentialAction":[{"@type":"SearchAction","target":{"@type":"EntryPoint","urlTemplate":"https:\/\/kiosque.ecoledesponts.fr\/rapport-activite-2021\/?s={search_term_string}"},"query-input":"required name=search_term_string"}],"inLanguage":"fr-FR"}]}},"builder_content":"<p>Pionni\u00e8re sur cette th\u00e9matique, l\u2019\u00c9cole des Ponts ParisTech met en \u0153uvre des programmes de recherche au carrefour de l\u2019\u00e9conomie th\u00e9orique, publique, industrielle, des march\u00e9s et de l\u2019int\u00e9gration internationale.<\/p>\n<h4>Tile Title<\/h4> <h3>FIL CONDUCTEUR 2021<\/h3> <p>ADAPTATIONS SOCIO-\u00c9CONOMIQUES DES VILLES ET DES TERRITOIRES FACE AU CHANGEMENT CLIMATIQUE ET AUX DYNAMIQUES D\u00c9MOGRAPHIQUES INDUITES<\/p> <p>EN BREF<\/p> <p>PRINCIPAUX LABORATOIRES CONTRIBUTEURS EN 2021<\/p> <ul> <li>Centre international de recherche sur l\u2019environnement et le d\u00e9veloppement (CIRED) - Directeur : Franck Lecocq<\/li> <li>Laboratoire Techniques, territoires et soci\u00e9t\u00e9s (LATTS) - Directrice : Nathalie Roseau<\/li> <li>Laboratoire Paris Jourdan sciences \u00e9conomiques (PjSE) - Directeur : Jean-Marc Tallon<\/li> <\/ul> <p>FORCE DE RECHERCHE<\/p> <ul> <li>138 ETPR permanents<\/li> <li>235 doctorants et post-doctorants<\/li> <\/ul> <p>LabEx<\/p> <ul> <li>Futurs urbains<\/li> <li>Ouvrir la science \u00e9conomique (OSE)<\/li> <li>Sciences, innovation et techniques en soci\u00e9t\u00e9 (SITES)<\/li> <\/ul> <p>\u00c9COLES DOCTORALES<\/p> <ul> <li>Hautes \u00c9tudes en sciences sociales (ED 286, EHESS)<\/li> <li>Agriculture, biologie, environnement, sant\u00e9 (ED 581, Universit\u00e9 Paris-Saclay)<\/li> <li>Sciences de l\u2019environnement d\u2019\u00cele-de-France (ED 129, Sorbonne Universit\u00e9)<\/li> <li>\u00c9cole doctorale d\u2019\u00e9conomie (ED 465)<\/li> <li>Organisations, march\u00e9s, institutions (ED 532, Paris-Est Sup)<\/li> <\/ul> <p>[addtoany url=\"http:\/\/kiosque.ecoledesponts.fr\/rapport-activite-2021\/chercher-et-innover\/economie-usages-et-societe\/fil-conducteur-2021\/\" title=\"Fil conducteur 2021\"]<\/p> <a href=\"#\"><\/a> \n <a href=\"#\"><\/a>\n<h4>Economie<\/h4> <a href=\"#\"><\/a> \n <a href=\"#\"><\/a>\n<h4>Parole de chercheuse Nathalie Roseau<\/h4> <h3>Parole de chercheuse<br>Nathalie Roseau<\/h3> <p><img decoding=\"async\" loading=\"lazy\" src=\"http:\/\/kiosque.ecoledesponts.fr\/rapport-activite-2021\/wp-content\/uploads\/sites\/3\/2022\/08\/N.ROSEAU-150x150.jpg\" alt=\"N.ROSEAU\" width=\"150\" height=\"150\"><\/p> <h5><strong><em>Ville-territoire et\u00a0anthropoc\u00e8ne<\/em><\/strong><\/h5> <p>Depuis 250 ans, la forme et l\u2019usage des villes ont \u00e9t\u00e9 influenc\u00e9s par la marche en avant des techniques et par une s\u00e9rie d\u2019objets qui ont eu un impact \u00e0 la fois pratique et symbolique, du chemin de fer \u00e0 l\u2019avion, du t\u00e9l\u00e9graphe \u00e0 l\u2019internet.<\/p> <a href=\"\/rapport-activite-2021\/chercher-et-innover\/economie-usages-et-societe\/parole-de-chercheuse-nathalie-roseau\/\"><\/a> <a href=\"#\"><\/a> \n <h4>3 questions \u00e0 C\u00f4me Ch\u00e9ritel<\/h4> <h3>Parole de chercheuse<br>Nathalie Roseau<\/h3> <p><img decoding=\"async\" loading=\"lazy\" src=\"http:\/\/kiosque.ecoledesponts.fr\/rapport-activite-2021\/wp-content\/uploads\/sites\/3\/2022\/08\/N.ROSEAU-150x150.jpg\" alt=\"N.ROSEAU\" width=\"150\" height=\"150\"><\/p> <h5><strong><em>Ville-territoire et\u00a0anthropoc\u00e8ne<\/em><\/strong><\/h5> <p>Depuis 250 ans, la forme et l\u2019usage des villes ont \u00e9t\u00e9 influenc\u00e9s par la marche en avant des techniques et par une s\u00e9rie d\u2019objets qui ont eu un impact \u00e0 la fois pratique et symbolique, du chemin de fer \u00e0 l\u2019avion, du t\u00e9l\u00e9graphe \u00e0 l\u2019internet.<\/p> <a href=\"\/rapport-activite-2021\/chercher-et-innover\/economie-usages-et-societe\/parole-de-chercheuse-nathalie-roseau\/\"><\/a> <a href=\"#\"><\/a>\n<h4>3 questions \u00e0 C\u00f4me Ch\u00e9ritel<\/h4> <h3>3 questions \u00e0 C\u00f4me Ch\u00e9ritel<\/h3> <p><img decoding=\"async\" loading=\"lazy\" src=\"http:\/\/kiosque.ecoledesponts.fr\/rapport-activite-2021\/wp-content\/uploads\/sites\/3\/2022\/08\/Come-Cheritel-IMG_2714_1-150x150.jpg\" alt=\"Come Cheritel\" width=\"150\" height=\"150\"><\/p> <h5><strong><em>Liens entre dynamique de la population et r\u00e9chauffement climatique<\/em><\/strong><\/h5>\n <a href=\"\/rapport-activite-2021\/chercher-et-innover\/economie-usages-et-societe\/3-questions-a-come-cheritel\/\"><\/a> <a href=\"#\"><\/a> \n <h4>3 questions \u00e0 C\u00f4me Ch\u00e9ritel<\/h4> <h3>3 questions \u00e0 C\u00f4me Ch\u00e9ritel<\/h3> <p><img decoding=\"async\" loading=\"lazy\" src=\"http:\/\/kiosque.ecoledesponts.fr\/rapport-activite-2021\/wp-content\/uploads\/sites\/3\/2022\/08\/Come-Cheritel-IMG_2714_1-150x150.jpg\" alt=\"Come Cheritel\" width=\"150\" height=\"150\"><\/p> <h5><strong><em>Liens entre dynamique de la population et r\u00e9chauffement climatique<\/em><\/strong><\/h5>\n <a href=\"\/rapport-activite-2021\/chercher-et-innover\/economie-usages-et-societe\/3-questions-a-come-cheritel\/\"><\/a> <a href=\"#\"><\/a>\n<h4>Projet phare : Observation de la Convention citoyenne pour le climat<\/h4> <h3>Projet phare : Observation de la Convention citoyenne pour le climat<\/h3> <a href=\"\/rapport-activite-2021\/chercher-et-innover\/economie-usages-et-societe\/projet-phare\/\"><\/a> <a href=\"#\"><\/a> \n <h4>Projet phare : Observation de la Convention citoyenne pour le climat<\/h4> <h3>Projet phare : Observation de la Convention citoyenne pour le climat<\/h3> <a href=\"\/rapport-activite-2021\/chercher-et-innover\/economie-usages-et-societe\/projet-phare\/\"><\/a> <a href=\"#\"><\/a>\n<h4>Faits marquants<\/h4> <h3>Faits marquants<\/h3> <a href=\"\/rapport-activite-2021\/chercher-et-innover\/economie-usages-et-societe\/faits-marquants\/\"><\/a> <a href=\"#\"><\/a> \n <h4>Faits marquants<\/h4> <h3>Faits marquants<\/h3> <a href=\"\/rapport-activite-2021\/chercher-et-innover\/economie-usages-et-societe\/faits-marquants\/\"><\/a> <a href=\"#\"><\/a>","_links":{"self":[{"href":"https:\/\/kiosque.ecoledesponts.fr\/rapport-activite-2021\/wp-json\/wp\/v2\/pages\/1137"}],"collection":[{"href":"https:\/\/kiosque.ecoledesponts.fr\/rapport-activite-2021\/wp-json\/wp\/v2\/pages"}],"about":[{"href":"https:\/\/kiosque.ecoledesponts.fr\/rapport-activite-2021\/wp-json\/wp\/v2\/types\/page"}],"author":[{"embeddable":true,"href":"https:\/\/kiosque.ecoledesponts.fr\/rapport-activite-2021\/wp-json\/wp\/v2\/users\/1"}],"replies":[{"embeddable":true,"href":"https:\/\/kiosque.ecoledesponts.fr\/rapport-activite-2021\/wp-json\/wp\/v2\/comments?post=1137"}],"version-history":[{"count":22,"href":"https:\/\/kiosque.ecoledesponts.fr\/rapport-activite-2021\/wp-json\/wp\/v2\/pages\/1137\/revisions"}],"predecessor-version":[{"id":4063,"href":"https:\/\/kiosque.ecoledesponts.fr\/rapport-activite-2021\/wp-json\/wp\/v2\/pages\/1137\/revisions\/4063"}],"up":[{"embeddable":true,"href":"https:\/\/kiosque.ecoledesponts.fr\/rapport-activite-2021\/wp-json\/wp\/v2\/pages\/59"}],"wp:attachment":[{"href":"https:\/\/kiosque.ecoledesponts.fr\/rapport-activite-2021\/wp-json\/wp\/v2\/media?parent=1137"}],"wp:term":[{"taxonomy":"post_tag","embeddable":true,"href":"https:\/\/kiosque.ecoledesponts.fr\/rapport-activite-2021\/wp-json\/wp\/v2\/tags?post=1137"}],"curies":[{"name":"wp","href":"https:\/\/api.w.org\/{rel}","templated":true}]}}